{"id":504,"date":"2023-12-14T14:27:19","date_gmt":"2023-12-14T13:27:19","guid":{"rendered":"https:\/\/boutique.reprenonslecontrole.fr\/?post_type=product&#038;p=504"},"modified":"2023-12-14T16:21:29","modified_gmt":"2023-12-14T15:21:29","slug":"energie-et-immigration-nos-grands-defis-du-xxi-siecle","status":"publish","type":"product","link":"https:\/\/boutique.reprenonslecontrole.fr\/?product=energie-et-immigration-nos-grands-defis-du-xxi-siecle","title":{"rendered":"ENERGIE ET IMMIGRATION &#8211; Nos grands d\u00e9fis du XXI si\u00e8cle"},"content":{"rendered":"<p>Le XXIe si\u00e8cle sonnera l\u2019an prochain son premier quart temps. De multiples bouleversements ont d\u00e9j\u00e0 eu lieu, avec de nombreuses guerres, des attentats et la crise \u00e9nerg\u00e9tique r\u00e9v\u00e9l\u00e9e \u00e0 la suite de la guerre en Ukraine.<\/p>\n<p>Lorsque l\u2019on se penche sur tous ces \u00e9v\u00e9nements ainsi que leurs cons\u00e9quences, et que l\u2019on analyse les \u00e9volutions d\u00e9mographiques, deux grands d\u00e9fis, pour le monde en g\u00e9n\u00e9ral et pour la France en particulier, se d\u00e9tachent toutefois ais\u00e9ment des autres : l\u2019\u00e9nergie d\u2019une part, et l\u2019immigration d\u2019autre part.<\/p>\n<p>Tout l\u2019objet de ce livre est de montrer pourquoi ce seront les deux d\u00e9fis majeurs de ce si\u00e8cle. Il ne s\u2019agira pas uniquement de pr\u00e9senter tous les probl\u00e8mes que l\u2019on rencontre \u00e0 l\u2019heure actuelle ou ceux auxquels on fera face dans les ann\u00e9es \u00e0 venir. Poser le bon diagnostic est certes essentiel pour apporter les bonnes solutions, mais cet ouvrage entend \u00e9galement fournir des propositions et une m\u00e9thode.<\/p>\n<p>N\u00e9 en 1988, Charles-Henri Gallois est dipl\u00f4m\u00e9 de l\u2019\u00e9cole de commerce EM Lyon. Travaillant dans le secteur priv\u00e9 depuis sa sortie d\u2019\u00e9cole, il est aujourd\u2019hui directeur financier dans un grand groupe fran\u00e7ais. Il est \u00e9galement l\u2019auteur du livre\u00a0<span class=\"a-text-italic\">Les illusions \u00e9conomiques de l\u2019Union europ\u00e9enne<\/span>. Lanceur d\u2019alerte des emprunts index\u00e9s sur l\u2019inflation de l\u2019\u00c9tat fran\u00e7ais et de l\u2019erreur de gestion colossale du financement du \u00ab plan de relance \u00bb de l\u2019UE, il est par ailleurs pr\u00e9sident du mouvement G\u00e9n\u00e9ration Frexit.<\/p>\n<p>Pr\u00e9face d&rsquo;Olivier Delamarche<\/p>\n","protected":false},"excerpt":{"rendered":"<p>Le XXIe si\u00e8cle sonnera l\u2019an prochain son premier quart-temps. De multiples bouleversements ont d\u00e9j\u00e0 eu lieu, avec de nombreuses guerres, des attentats et la crise \u00e9nerg\u00e9tique r\u00e9v\u00e9l\u00e9e \u00e0 la suite de la guerre en Ukraine.<\/p>\n<p>Lorsque l\u2019on se penche sur tous ces \u00e9v\u00e9nements ainsi que leurs cons\u00e9quences, et que l\u2019on analyse les \u00e9volutions d\u00e9mographiques, deux grands d\u00e9fis, pour le monde en g\u00e9n\u00e9ral et pour la France en particulier, se d\u00e9tachent toutefois ais\u00e9ment des autres : l\u2019\u00e9nergie d\u2019une part, et l\u2019immigration d\u2019autre part.<\/p>\n<p>Tout l\u2019objet de ce livre est de montrer pourquoi ce seront les deux d\u00e9fis majeurs de ce si\u00e8cle. Il ne s\u2019agira pas uniquement de pr\u00e9senter tous les probl\u00e8mes que l\u2019on rencontre \u00e0 l\u2019heure actuelle ou ceux auxquels on fera face dans les ann\u00e9es \u00e0 venir. Poser le bon diagnostic est certes essentiel pour apporter les bonnes solutions, mais cet ouvrage entend \u00e9galement fournir des propositions et une m\u00e9thode.<\/p>\n<p>N\u00e9 en 1988, Charles-Henri Gallois est dipl\u00f4m\u00e9 de l\u2019\u00e9cole de commerce EM Lyon. Travaillant dans le secteur priv\u00e9 depuis sa sortie d\u2019\u00e9cole, il est aujourd\u2019hui directeur financier dans un grand groupe fran\u00e7ais. Il est \u00e9galement l\u2019auteur du livre\u00a0<span class=\"a-text-italic\">Les illusions \u00e9conomiques de l\u2019Union europ\u00e9enne<\/span>. Lanceur d\u2019alerte des emprunts index\u00e9s sur l\u2019inflation de l\u2019\u00c9tat fran\u00e7ais et de l\u2019erreur de gestion colossale du financement du \u00ab plan de relance \u00bb de l\u2019UE, il est par ailleurs pr\u00e9sident du mouvement G\u00e9n\u00e9ration Frexit.<\/p>\n<p>Pr\u00e9face d&rsquo;Olivier Delamarche<\/p>\n","protected":false},"featured_media":509,"comment_status":"open","ping_status":"closed","template":"","meta":[],"product_cat":[17],"product_tag":[],"_links":{"self":[{"href":"https:\/\/boutique.reprenonslecontrole.fr\/index.php?rest_route=\/wp\/v2\/product\/504"}],"collection":[{"href":"https:\/\/boutique.reprenonslecontrole.fr\/index.php?rest_route=\/wp\/v2\/product"}],"about":[{"href":"https:\/\/boutique.reprenonslecontrole.fr\/index.php?rest_route=\/wp\/v2\/types\/product"}],"replies":[{"embeddable":true,"href":"https:\/\/boutique.reprenonslecontrole.fr\/index.php?rest_route=%2Fwp%2Fv2%2Fcomments&post=504"}],"version-history":[{"count":2,"href":"https:\/\/boutique.reprenonslecontrole.fr\/index.php?rest_route=\/wp\/v2\/product\/504\/revisions"}],"predecessor-version":[{"id":508,"href":"https:\/\/boutique.reprenonslecontrole.fr\/index.php?rest_route=\/wp\/v2\/product\/504\/revisions\/508"}],"wp:featuredmedia":[{"embeddable":true,"href":"https:\/\/boutique.reprenonslecontrole.fr\/index.php?rest_route=\/wp\/v2\/media\/509"}],"wp:attachment":[{"href":"https:\/\/boutique.reprenonslecontrole.fr\/index.php?rest_route=%2Fwp%2Fv2%2Fmedia&parent=504"}],"wp:term":[{"taxonomy":"product_cat","embeddable":true,"href":"https:\/\/boutique.reprenonslecontrole.fr\/index.php?rest_route=%2Fwp%2Fv2%2Fproduct_cat&post=504"},{"taxonomy":"product_tag","embeddable":true,"href":"https:\/\/boutique.reprenonslecontrole.fr\/index.php?rest_route=%2Fwp%2Fv2%2Fproduct_tag&post=504"}],"curies":[{"name":"wp","href":"https:\/\/api.w.org\/{rel}","templated":true}]}}